{"id":30,"date":"2016-08-16T18:17:59","date_gmt":"2016-08-16T16:17:59","guid":{"rendered":"http:\/\/www.nssv.at\/VRSOE\/?page_id=30"},"modified":"2026-04-19T16:50:02","modified_gmt":"2026-04-19T14:50:02","slug":"aktuelle-nachrichten-news","status":"publish","type":"page","link":"https:\/\/www.nssv.at\/vrsoe\/","title":{"rendered":"News"},"content":{"rendered":"<p><strong>Nachrichten &amp; News<\/strong><\/p>\n<p>Hier auf dieser Seite ver\u00f6ffentlichen wir f\u00fcr Euch neue Nachrichten und News aus vielen interessanten Bereichen des Verbandes oder betreffend der Hunde. Die Zeitabst\u00e4nde zwischen den Updates erfolgen nach Notwendigkeit oder Aktualit\u00e4t. Die Reihung erfolgt immer mit den neuesten Beitr\u00e4gen an oberster Stelle. Auch Updateinformationen unserer Blogs werden hier auf dieser Seite bekannt geben.<\/p>\n<p><img loading=\"lazy\" decoding=\"async\" class=\"alignnone size-medium wp-image-4\" src=\"https:\/\/www.nssv.at\/vrsoe\/wp-content\/uploads\/2016\/08\/img04-300x96.jpg\" alt=\"img04\" width=\"300\" height=\"96\" srcset=\"https:\/\/www.nssv.at\/vrsoe\/wp-content\/uploads\/2016\/08\/img04-300x96.jpg 300w, https:\/\/www.nssv.at\/vrsoe\/wp-content\/uploads\/2016\/08\/img04-768x247.jpg 768w, https:\/\/www.nssv.at\/vrsoe\/wp-content\/uploads\/2016\/08\/img04.jpg 810w\" sizes=\"auto, (max-width: 300px) 100vw, 300px\" \/><\/p>\n<p><em><strong>Achtung!<\/strong> Da wir in letzter Zeit immer mehr Anfragen erhalten: <strong>NEIN, wir und unsere angeschlossenen Gemeinschaften vermitteln KEINE Welpen oder Hunde an neue Besitzer!<\/strong> Wir leisten keine Beihilfe f\u00fcr das Abschieben von Hunden, die nach kurzer Zeit weg m\u00fcssen, nur weil im Vorfeld keine Informationen oder eine Beratung eingeholt wurde, was man sich da nimmt, oder der Z\u00fcchter selbst verabs\u00e4umt hat die K\u00e4ufer ausreichend zu informieren! Und <strong>NEIN<\/strong>, wir vermitteln auch keine Z\u00fcchter \u00fcber unseren Verband.<br \/>\n<\/em><\/p>\n<p>&nbsp;<\/p>\n<p>Unsere News-Archive der Vorjahre findet Ihr hier:&nbsp;&nbsp;<\/p>\n<p><a href=\"https:\/\/www.nssv.at\/vrsoe\/?page_id=9647\" target=\"_blank\" rel=\"noopener\"><img loading=\"lazy\" decoding=\"async\" class=\"alignnone wp-image-11141 size-full\" src=\"https:\/\/www.nssv.at\/vrsoe\/wp-content\/uploads\/2026\/01\/Verbandslogo-Archiv-2016.jpg\" alt=\"\" width=\"150\" height=\"39\"><\/a> <a href=\"https:\/\/www.nssv.at\/vrsoe\/?page_id=9648\" target=\"_blank\" rel=\"noopener\"><img loading=\"lazy\" decoding=\"async\" class=\"alignnone wp-image-11142 size-full\" src=\"https:\/\/www.nssv.at\/vrsoe\/wp-content\/uploads\/2026\/01\/Verbandslogo-Archiv-2017.jpg\" alt=\"\" width=\"150\" height=\"39\"><\/a> <a href=\"https:\/\/www.nssv.at\/vrsoe\/?page_id=9649\" target=\"_blank\" rel=\"noopener\"><img loading=\"lazy\" decoding=\"async\" class=\"alignnone wp-image-11143 size-full\" src=\"https:\/\/www.nssv.at\/vrsoe\/wp-content\/uploads\/2026\/01\/Verbandslogo-Archiv-2018.jpg\" alt=\"\" width=\"150\" height=\"39\"><\/a> <a href=\"https:\/\/www.nssv.at\/vrsoe\/?page_id=9650\" target=\"_blank\" rel=\"noopener\"><img loading=\"lazy\" decoding=\"async\" class=\"alignnone wp-image-11144 size-full\" src=\"https:\/\/www.nssv.at\/vrsoe\/wp-content\/uploads\/2026\/01\/Verbandslogo-Archiv-2019.jpg\" alt=\"\" width=\"150\" height=\"39\"><\/a> <a href=\"https:\/\/www.nssv.at\/vrsoe\/?p=9898\" target=\"_blank\" rel=\"noopener\"><img loading=\"lazy\" decoding=\"async\" class=\"alignnone wp-image-11145 size-full\" src=\"https:\/\/www.nssv.at\/vrsoe\/wp-content\/uploads\/2026\/01\/Verbandslogo-Archiv-2020.jpg\" alt=\"\" width=\"150\" height=\"39\"><\/a>&nbsp;<br \/>\n<a href=\"https:\/\/www.nssv.at\/vrsoe\/?page_id=10076\" target=\"_blank\" rel=\"noopener\"><img loading=\"lazy\" decoding=\"async\" class=\"alignnone wp-image-11146 size-full\" src=\"https:\/\/www.nssv.at\/vrsoe\/wp-content\/uploads\/2026\/01\/Verbandslogo-Archiv-2021.jpg\" alt=\"\" width=\"150\" height=\"39\"><\/a> <a href=\"https:\/\/www.nssv.at\/vrsoe\/news-archiv-2022\" target=\"_blank\" rel=\"noopener\"><img loading=\"lazy\" decoding=\"async\" class=\"alignnone wp-image-11147 size-full\" src=\"https:\/\/www.nssv.at\/vrsoe\/wp-content\/uploads\/2026\/01\/Verbandslogo-Archiv-2022.jpg\" alt=\"\" width=\"150\" height=\"39\"><\/a> <a href=\"https:\/\/www.nssv.at\/vrsoe\/archive\/10895\" target=\"_blank\" rel=\"noopener\"><img loading=\"lazy\" decoding=\"async\" class=\"alignnone wp-image-11148 size-full\" src=\"https:\/\/www.nssv.at\/vrsoe\/wp-content\/uploads\/2026\/01\/Verbandslogo-Archiv-2023.jpg\" alt=\"\" width=\"150\" height=\"39\"><\/a> <a href=\"https:\/\/www.nssv.at\/vrsoe\/archive\/11019\" target=\"_blank\" rel=\"noopener\"><img loading=\"lazy\" decoding=\"async\" class=\"alignnone wp-image-11149 size-full\" src=\"https:\/\/www.nssv.at\/vrsoe\/wp-content\/uploads\/2026\/01\/Verbandslogo-Archiv-2024.jpg\" alt=\"\" width=\"150\" height=\"39\"><\/a> <a href=\"https:\/\/www.nssv.at\/vrsoe\/archive\/11121\" target=\"_blank\" rel=\"noopener\"><img loading=\"lazy\" decoding=\"async\" class=\"alignnone wp-image-11150 size-full\" src=\"https:\/\/www.nssv.at\/vrsoe\/wp-content\/uploads\/2026\/01\/Verbandslogo-Archiv-2026.jpg\" alt=\"\" width=\"150\" height=\"39\"><\/a><\/p>\n<p>&nbsp;<\/p>\n<p>Und jetzt zu den Neuigkeiten im heurigen Jahr:<\/p>\n<h1><img loading=\"lazy\" decoding=\"async\" class=\"alignnone wp-image-11127 size-medium\" src=\"https:\/\/www.nssv.at\/vrsoe\/wp-content\/uploads\/2026\/01\/2026-300x118.jpg\" alt=\"\" width=\"300\" height=\"118\" srcset=\"https:\/\/www.nssv.at\/vrsoe\/wp-content\/uploads\/2026\/01\/2026-300x118.jpg 300w, https:\/\/www.nssv.at\/vrsoe\/wp-content\/uploads\/2026\/01\/2026.jpg 500w\" sizes=\"auto, (max-width: 300px) 100vw, 300px\" \/><\/h1>\n<p>&nbsp;<\/p>\n<p><strong><img loading=\"lazy\" decoding=\"async\" class=\"alignnone wp-image-9642\" src=\"https:\/\/www.nssv.at\/vrsoe\/wp-content\/uploads\/2020\/03\/news-gelb-blau.png\" alt=\"\" width=\"93\" height=\"75\"> 19.04.2026<br \/>\n*** Warum Rassen sich ver\u00e4ndern &#8230; ***<\/strong><\/p>\n<div class=\"xdj266r x14z9mp xat24cr x1lziwak x1vvkbs x126k92a\">\n<div dir=\"auto\">\n<div dir=\"auto\"><em>Warum Rassen sich ver\u00e4ndern<\/em><\/div>\n<h6 dir=\"auto\">Von Andrew H. Brace und <a href=\"https:\/\/www.facebook.com\/limbourgois1\/posts\/pfbid08crSEYudu5YbUFhzDU2fo2eUG382eiLwm3GHYiEQ2cRj3CZKUBjYk8fMXUwLF6zHl\" target=\"_blank\" rel=\"noopener\">Wim Evers<\/a><\/h6>\n<div dir=\"auto\">Ich frage mich oft, wie oft wir \u2013 als Z\u00fcchter, Aussteller oder Richter \u2013 innehalten, um dar\u00fcber nachzudenken, wie leicht wir uns an Ver\u00e4nderungen innerhalb einer Rasse gew\u00f6hnen? In manchen F\u00e4llen k\u00f6nnen sich diese Ver\u00e4nderungen so tief in einer Rasse festsetzen, dass sie zu w\u00fcnschenswerten Merkmalen erhoben werden, obwohl sie dem, was typisch und notwendig ist, v\u00f6llig fremd sind und eigentlich im Widerspruch zum jeweiligen Rassestandard stehen. Meistens beginnen solche Ver\u00e4nderungen bei Hunden bekannter Aussteller oder Handler, da diese oft den Ma\u00dfstab setzen, dem andere gerne folgen.<\/div>\n<div dir=\"auto\">&nbsp;<\/div>\n<div dir=\"auto\">Wie entstehen solche Ver\u00e4nderungen? Sie beginnen bei dem Z\u00fcchter, der einen Wurf aufzieht, der nun das Alter erreicht hat, in dem die Welpen beurteilt werden m\u00fcssen. Der Z\u00fcchter, der seine Rasse wirklich durchdrungen hat, betrachtet jeden Welpen im Hinblick auf den Rassestandard und das, was f\u00fcr die Rasse korrekt ist. Bei den meisten Rassen ist &#8222;Moderation&#8220; eine Anforderung, die in vielerlei Hinsicht w\u00fcnschenswert ist; es ist die Best\u00e4ndigkeit in der Ausgewogenheit jedes Tieres, die ma\u00dfgeblich zur Balance beitr\u00e4gt und den Eindruck vermittelt, dass alles zusammenpasst und flie\u00dft. Doch gelegentlich ist ein Welpe dabei, der etwas an sich hat, das sofort ins Auge f\u00e4llt \u2013 und ausnahmslos ist dieses &#8222;Etwas&#8220; oft eine \u00dcbertypisierung: ein zu langer Hals, ein zu kurzer R\u00fccken, ein zu raffinierter oder zu grober Kopf, \u00fcbertriebene Winkelungen in der Hinterhand &#8230; und genau hier liegt die Gefahr. Der vollkommen erfahrene Z\u00fcchter wird diese \u00dcbertreibung als das erkennen, was sie ist, und den entsprechenden Welpen als rassefremd aussortieren. Viele andere, die m\u00f6glicherweise weniger erfahren und dem Rasseideal weniger verpflichtet sind, werden jedoch realistisch genug sein, um zu erkennen, dass genau diese \u00dcbertreibung, die so auff\u00e4llig ist, auch die Aufmerksamkeit des Richters auf sich ziehen wird, sobald der Hund den Ring betritt. Und so wird der Welpe behalten, gepflegt, trainiert und f\u00fcr die Ausstellung vorbereitet.<\/div>\n<div dir=\"auto\">&nbsp;<\/div>\n<div dir=\"auto\">Sobald ein Hund, dessen Typ vom korrekten abweicht, zu gewinnen beginnt, kommt der Stein ins Rollen. Dieser Hund erscheint im Ehrenring, und andere Richter kommentieren sein starkes Knochenger\u00fcst, den langen Hals, die fabelhafte Winkelung, den ultrakurzen R\u00fccken, den hoch angesetzten Rute, das fantastische Profil, das raumgreifende Gangwerk oder was auch immer \u2013 auch wenn dies keine f\u00fcr die Rasse spezifischen Attribute sind. Sie belohnen es, wenn sie es sehen, und andere tun es ihnen gleich. Mit der Zeit sehen die Z\u00fcchter diesen Hund und seine Erfolge, und sie denken, sie sollten besser anfangen, etwas \u00c4hnliches zu produzieren. Sie st\u00fcrzen sich darauf, diesen Hund einzusetzen, und innerhalb weniger Jahre hat der eher abweichende Typ einen festen Fu\u00df in der Rasse.<\/div>\n<div dir=\"auto\">&nbsp;<\/div>\n<div dir=\"auto\">Es dauert eine gewisse Zeit, doch bald befinden sich die Richter in einer Situation, in der ihnen eine Klasse von sechs Hunden pr\u00e4sentiert wird \u2013 f\u00fcnf davon sind vom &#8222;neuen&#8220;, eher abweichenden Typ; einer ist absolut korrekt. Der fachkundige und konstruktive Richter wird genug \u00fcber die Rasse wissen, um mit \u00dcberzeugung sagen zu k\u00f6nnen: &#8222;Dieser ist richtig \u2013 die anderen sind falsch&#8220;, und dementsprechend richten. Viele andere Richter, die vielleicht nicht \u00fcber das fundierte Wissen dieser Rasse verf\u00fcgen, w\u00e4hlen den einfachen Weg und gehen davon aus, dass die f\u00fcnf recht haben m\u00fcssen, wenn sie die Mehrheit bilden, und der sechste Hund geht leer aus.<\/div>\n<div dir=\"auto\">&nbsp;<\/div>\n<div dir=\"auto\">Dies gilt insbesondere f\u00fcr die Gr\u00f6\u00dfe einer Rasse. So viele unserer Rassen sind im Laufe der Jahre gr\u00f6\u00dfer geworden, vielleicht aufgrund verbesserter Ern\u00e4hrung, und ganz allm\u00e4hlich hat sich die Gr\u00f6\u00dfe nach oben geschlichen. Da wir nur eine Handvoll Rassen routinem\u00e4\u00dfig messen oder wiegen, bei denen mehr als eine Variet\u00e4t durch die Gr\u00f6\u00dfe bestimmt wird, ist dieser Anstieg kaum bemerkbar. Wenn ein engagierter Z\u00fcchter jedoch einen Hund in den Ring bringt, der in Bezug auf seinen Rassestandard absolut die korrekte Gr\u00f6\u00dfe hat, wird dieser von anderen Ausstellern als &#8222;klein&#8220; angesehen. In Wirklichkeit ist dies der Hund von korrekter Gr\u00f6\u00dfe; es ist nur so, dass die anderen auff\u00e4llig zu gro\u00df sind.<\/div>\n<div dir=\"auto\">&nbsp;<\/div>\n<div dir=\"auto\">An diesem Punkt beginnt der engagierte Z\u00fcchter, der stets darauf abzielt, den Typ zu erhalten und lediglich die Qualit\u00e4t zu intensivieren, aus gutem Grund frustriert zu werden. Er wei\u00df, dass das, was er z\u00fcchtet, korrekt ist, aber die Anzahl derer, die vom Typ abweichen, ist so gro\u00df, dass andere Z\u00fcchter, Aussteller und Richter mit dem Strom schwimmen, w\u00e4hrend er gezwungen ist, gegen den Strom zu schwimmen.<\/div>\n<div dir=\"auto\">&nbsp;<\/div>\n<div dir=\"auto\">Dies ist in verschiedenen Rassen in Gro\u00dfbritannien und dar\u00fcber hinaus geschehen, und ich habe viele &#8222;alte&#8220; Z\u00fcchter gesehen, die ihre Ausstellungsaktivit\u00e4ten drastisch reduziert haben, einfach weil sie es f\u00fcr sinnlos halten, Hunde unter Richtern auszustellen, die die Priorit\u00e4ten der Rasse einfach nicht verstehen. Doch genau diese Z\u00fcchter SOLLTEN ihre Hunde im Ring zeigen, damit diejenigen, die unabh\u00e4ngig denken, sie sehen und sch\u00e4tzen k\u00f6nnen.<\/div>\n<div dir=\"auto\">&nbsp;<\/div>\n<div dir=\"auto\">Wenn Hunde mit gro\u00dfen Fehlern \u2013 meist von der &#8222;attraktiven&#8220; Art \u2013 weiterhin gewinnen und zur Zucht eingesetzt werden, sehen neuere Z\u00fcchter keinen Grund zur Korrektur und Verbesserung. Warum auch? Diese Hunde gewinnen. Diejenigen, die die &#8222;modernen&#8220; Hunde besitzen, k\u00f6nnen meist gut reden und \u00fcberzeugende Argumente \u00fcber nat\u00fcrliche Evolution und offensichtliche Verbesserung vorbringen. In manchen F\u00e4llen k\u00f6nnen starke Pers\u00f6nlichkeiten sogar eine Rolle dabei spielen, Rasseclubs davon zu \u00fcberzeugen, den Rassestandard an diese neuen Hunde anzupassen &#8230; ein schreckliches Verbrechen in den Augen eines jeden wahren Liebhabers. Und dann gibt es nat\u00fcrlich noch die Macht der Werbung!<\/div>\n<div dir=\"auto\">&nbsp;<\/div>\n<div dir=\"auto\">Leider sind viele der Ver\u00e4nderungen in der Rasse, die wir gesehen haben, f\u00fcr das durchschnittliche Auge ein Genuss \u2013 was macht es schon aus, wenn ein Hund zu viel Hals hat, zu haarig, zu aufrecht, zu kurz oder zu lang ist? Er sieht h\u00fcbsch aus und die Richter lieben diesen Anblick!<\/div>\n<div dir=\"auto\">&nbsp;<\/div>\n<div dir=\"auto\">Durch den \u00fcberw\u00e4ltigenden Einfluss der sozialen Medien wird es allzu leicht f\u00fcr einen Hund, der grundlegend untypisch ist und dem es an mehreren wesentlichen Rassemerkmalen mangelt, den Status eines &#8222;atemberaubenden&#8220; Tieres zu erlangen. Wundersch\u00f6n fotografiert, tadellos gepflegt, zieht der &#8222;Publikumsliebling&#8220; unz\u00e4hlige &#8222;Likes&#8220; auf sich, und ehe man sich versieht, wird er zum Star. Da solche Hunde ausnahmslos mit ihrem Handler fotografiert werden, tragen jene Richter, die ihre Entscheidungen auf Facebook-Recherchen st\u00fctzen (ja, das kommt vor!), zur Siegesbilanz bei, und Z\u00fcchter, deren Hauptziel das Gewinnen ist, ziehen es in Betracht, diesen Hund als Deckr\u00fcden zu nutzen \u2013 und so setzt sich die Abw\u00e4rtsspirale fort.<\/div>\n<div dir=\"auto\">&nbsp;<\/div>\n<div dir=\"auto\">Es gibt noch einen weiteren Punkt, der das Temperament und den Charakter betrifft, und dies gilt insbesondere f\u00fcr die stark gefragten Arbeitshunderassen, die im Prinzip von Natur aus &#8222;hart&#8220; sein k\u00f6nnen. Obwohl der Ausstellungsring kein Ort f\u00fcr b\u00f6sartige oder aggressive Hunde ist, gibt es bestimmte Rassen, die \u2013 wenn sie ihrem Typ treu bleiben sollen \u2013 ihren Wachinstinkt behalten m\u00fcssen, und diese k\u00f6nnen immer noch effektiv gezeigt werden, wenn sie gut unter Kontrolle sind. Was nicht w\u00fcnschenswert ist, ist das Herausz\u00fcchten des Grundcharakters aus diesen Rassen, sodass sie lediglich zu einem weiteren Begleithund werden.<\/div>\n<div dir=\"auto\">&nbsp;<\/div>\n<div dir=\"auto\">Obwohl es beim Ausstellen von Hunden heute in der Realit\u00e4t mehr um die Jagd nach Championatstiteln, Schleifen und Punkten geht als um den Erhalt der Rassen, muss der Ausstellungsring das Schaufenster der Z\u00fcchter bleiben. Es w\u00e4re traurig zu denken, dass echte Z\u00fcchter, die den wahren Rassetyps bewahren wollen, die Hunde nicht mehr finden k\u00f6nnen, die notwendig sind, um die Korrektheit in der n\u00e4chsten Generation fortzuf\u00fchren.<\/div>\n<div dir=\"auto\">&nbsp;<\/div>\n<div dir=\"auto\"><em>(Erlaubnis zur Textver\u00f6ffentlichung von <a href=\"https:\/\/www.facebook.com\/limbourgois1\" target=\"_blank\" rel=\"noopener\">Wim Evers<\/a>, <span class=\"x193iq5w xeuugli x13faqbe x1vvkbs x1xmvt09 x1lliihq x1s928wv xhkezso x1gmr53x x1cpjm7i x1fgarty x1943h6x xudqn12 x3x7a5m x6prxxf xvq8zen xo1l8bm xzsf02u\" dir=\"auto\">Alaskan Malamutes kennel Aurora Borealis since 1985,<\/span> am 19.04.2026 erhalten, vielen Dank!)<\/em><\/div>\n<div dir=\"auto\">&nbsp;<\/div>\n<\/div>\n<\/div>\n<p><img loading=\"lazy\" decoding=\"async\" class=\"alignnone wp-image-11229\" src=\"https:\/\/www.nssv.at\/vrsoe\/wp-content\/uploads\/2026\/04\/malamute2026-2-1024x559.png\" alt=\"\" width=\"700\" height=\"382\" srcset=\"https:\/\/www.nssv.at\/vrsoe\/wp-content\/uploads\/2026\/04\/malamute2026-2-1024x559.png 1024w, https:\/\/www.nssv.at\/vrsoe\/wp-content\/uploads\/2026\/04\/malamute2026-2-300x164.png 300w, https:\/\/www.nssv.at\/vrsoe\/wp-content\/uploads\/2026\/04\/malamute2026-2-768x419.png 768w, https:\/\/www.nssv.at\/vrsoe\/wp-content\/uploads\/2026\/04\/malamute2026-2-scaled.png 1280w\" sizes=\"auto, (max-width: 700px) 100vw, 700px\" \/><\/p>\n<p>&nbsp;<\/p>\n<p><strong><img loading=\"lazy\" decoding=\"async\" class=\"alignnone wp-image-9642\" src=\"https:\/\/www.nssv.at\/vrsoe\/wp-content\/uploads\/2020\/03\/news-gelb-blau.png\" alt=\"\" width=\"93\" height=\"75\"> 04.04.2026<br \/>\n*** Wir w\u00fcnschen Euch allen da drau\u00dfen ein FROHES OSTERFEST! ***<\/strong><\/p>\n<div class=\"xdj266r x14z9mp xat24cr x1lziwak x1vvkbs x126k92a\">\n<div dir=\"auto\">\n<p><img loading=\"lazy\" decoding=\"async\" class=\"alignnone size-large wp-image-11226\" src=\"https:\/\/www.nssv.at\/vrsoe\/wp-content\/uploads\/2026\/04\/Oster-Nuk-2-682x1024.jpg\" alt=\"\" width=\"682\" height=\"1024\" srcset=\"https:\/\/www.nssv.at\/vrsoe\/wp-content\/uploads\/2026\/04\/Oster-Nuk-2-682x1024.jpg 682w, https:\/\/www.nssv.at\/vrsoe\/wp-content\/uploads\/2026\/04\/Oster-Nuk-2-200x300.jpg 200w, https:\/\/www.nssv.at\/vrsoe\/wp-content\/uploads\/2026\/04\/Oster-Nuk-2-768x1153.jpg 768w, https:\/\/www.nssv.at\/vrsoe\/wp-content\/uploads\/2026\/04\/Oster-Nuk-2.jpg 842w\" sizes=\"auto, (max-width: 682px) 100vw, 682px\" \/><\/p>\n<\/div>\n<\/div>\n<p>&nbsp;<\/p>\n<p><strong><img loading=\"lazy\" decoding=\"async\" class=\"alignnone wp-image-9642\" src=\"https:\/\/www.nssv.at\/vrsoe\/wp-content\/uploads\/2020\/03\/news-gelb-blau.png\" alt=\"\" width=\"93\" height=\"75\"> 04.04.2026<br \/>\n*** Warum Nordische von anderen Hunden meistens missverstanden werden &#8230; ***<\/strong><\/p>\n<div class=\"xdj266r x14z9mp xat24cr x1lziwak x1vvkbs x126k92a\">\n<div dir=\"auto\">\n<p>Habt Ihr schon mal bemerkt, dass Nordische im Umgang mit anderen Hunden irgendwie\u2026 unbeholfen wirken?<\/p>\n<p><em>Das ist keine Aggression.<\/em><br \/>\n<em>Es ist kein Dominanzgehabe.<\/em><br \/>\n<em>Es ist im Grunde schlicht ein Kommunikationsproblem.<\/em><\/p>\n<p>Nordische \u201esprechen\u201c nicht dasselbe Hundisch wie die meisten anderen Rassen. Sie wurden gez\u00fcchtet, um in Teams \u00fcber riesige Distanzen zu arbeiten \u2013 nicht, um subtile soziale Signale in einer Hundezone oder bei zuf\u00e4lligen Begegnungen zu deuten.<\/p>\n<p>Anstelle von ruhigen Begr\u00fc\u00dfungen und h\u00f6flichem Beschnuppern passiert oft das hier:<\/p>\n<p><em>Sie rennen mit voller Geschwindigkeit frontal auf andere zu.<\/em><br \/>\n<em>Sie springen, knuffen mit dem Fang und spielen extrem k\u00f6rperbetont.<\/em><br \/>\n<em>Sie vokalisieren so lautstark, als w\u00fcrden sie gerade einen dramatischen Streit anfangen.<\/em><\/p>\n<p>Auf einen anderen Hund wirkt das oft wie: \u201eGreift der Typ mich gerade an?!\u201c<\/p>\n<p>Der Nordische denkt sich w\u00e4hrenddessen nur: \u201eBester Tag meines Lebens, auf geht&#8217;s!!!\u201c<\/p>\n<p>Was die Sache zus\u00e4tzlich erschwert:<\/p>\n<p><em>Blickkontakt: Nordische halten den Blickkontakt l\u00e4nger (was auf andere wie eine Herausforderung wirken kann).<\/em><br \/>\n<em>Ignoranz: Sie ignorieren meistens Beschwichtigungssignale ihres Gegen\u00fcbers.<\/em><br \/>\n<em>Energielevel: Ihr Spielstil ist schlichtweg auf Vollanschlag.<\/em><\/p>\n<p>Man kann also sagen: Missverst\u00e4ndnisse sind vorprogrammiert.<\/p>\n<p>Die Wahrheit? Nordische sind nicht \u201eschlecht\u201c im Umgang mit Artgenossen. Sie haben einfach einen komplett anderen Sozialstil. Und manchmal\u2026 gibt es keinen Snack auf dieser Welt, der sie davon \u00fcberzeugen k\u00f6nnte, sich anders zu verhalten.<\/p>\n<\/div>\n<\/div>\n<p>&nbsp;<\/p>\n<p><strong><img loading=\"lazy\" decoding=\"async\" class=\"alignnone wp-image-9642\" src=\"https:\/\/www.nssv.at\/vrsoe\/wp-content\/uploads\/2020\/03\/news-gelb-blau.png\" alt=\"\" width=\"93\" height=\"75\"> 22.03.2026<br \/>\n*** Muss immer wieder mal erw\u00e4hnt werden &#8230; ***<\/strong><\/p>\n<div class=\"xdj266r x14z9mp xat24cr x1lziwak x1vvkbs x126k92a\">\n<div dir=\"auto\">Auch wenn sie augenscheinlich f\u00fcr jeden &#8222;Huskies&#8220; sind, die beiden unterscheiden sich in Gr\u00f6\u00dfe, Aussehen, Gewicht und auch St\u00e4rke enorm:<\/div>\n<div dir=\"auto\">&nbsp;<\/div>\n<\/div>\n<div dir=\"auto\"><img loading=\"lazy\" decoding=\"async\" class=\"alignnone wp-image-11212\" src=\"https:\/\/www.nssv.at\/vrsoe\/wp-content\/uploads\/2026\/03\/husky-vs-malamute-755x1024.png\" alt=\"\" width=\"700\" height=\"950\" srcset=\"https:\/\/www.nssv.at\/vrsoe\/wp-content\/uploads\/2026\/03\/husky-vs-malamute-755x1024.png 755w, https:\/\/www.nssv.at\/vrsoe\/wp-content\/uploads\/2026\/03\/husky-vs-malamute-221x300.png 221w, https:\/\/www.nssv.at\/vrsoe\/wp-content\/uploads\/2026\/03\/husky-vs-malamute-768x1042.png 768w, https:\/\/www.nssv.at\/vrsoe\/wp-content\/uploads\/2026\/03\/husky-vs-malamute.png 880w\" sizes=\"auto, (max-width: 700px) 100vw, 700px\" \/><\/div>\n<p>&nbsp;<\/p>\n<p><strong><img loading=\"lazy\" decoding=\"async\" class=\"alignnone wp-image-9642\" src=\"https:\/\/www.nssv.at\/vrsoe\/wp-content\/uploads\/2020\/03\/news-gelb-blau.png\" alt=\"\" width=\"93\" height=\"75\"> 07.03.2026<br \/>\n*** Claudia hats wieder getan! ***<\/strong><\/p>\n<div class=\"xdj266r x14z9mp xat24cr x1lziwak x1vvkbs x126k92a\">\n<div dir=\"auto\"><em>&#8222;Weinviertler Extrem Gipfelwanderung 2026! Wir waren zum 3. Mal dabei und konnten unsere Vorjahreszeit nochmal unterbieten. Mein erster 40er unter 7 Stunden, h\u00e4tte nie gedacht, dass wir das Mal schaffen werden. <span class=\"html-span xexx8yu xyri2b x18d9i69 x1c1uobl x1hl2dhg x16tdsg8 x1vvkbs x3nfvp2 x1j61x8r x1fcty0u xdj266r xat24cr xm2jcoa x1mpyi22 xxymvpz xlup9mm x1kky2od\"><img loading=\"lazy\" decoding=\"async\" class=\"xz74otr x15mokao x1ga7v0g x16uus16 xbiv7yw\" src=\"https:\/\/static.xx.fbcdn.net\/images\/emoji.php\/v9\/t2\/1\/16\/1f60d.png\" alt=\"&#x1f60d;\" width=\"16\" height=\"16\"><\/span><span class=\"html-span xexx8yu xyri2b x18d9i69 x1c1uobl x1hl2dhg x16tdsg8 x1vvkbs x3nfvp2 x1j61x8r x1fcty0u xdj266r xat24cr xm2jcoa x1mpyi22 xxymvpz xlup9mm x1kky2od\"><img loading=\"lazy\" decoding=\"async\" class=\"xz74otr x15mokao x1ga7v0g x16uus16 xbiv7yw\" src=\"https:\/\/static.xx.fbcdn.net\/images\/emoji.php\/v9\/tb7\/1\/16\/1f917.png\" alt=\"&#x1f917;\" width=\"16\" height=\"16\"><\/span><span class=\"html-span xexx8yu xyri2b x18d9i69 x1c1uobl x1hl2dhg x16tdsg8 x1vvkbs x3nfvp2 x1j61x8r x1fcty0u xdj266r xat24cr xm2jcoa x1mpyi22 xxymvpz xlup9mm x1kky2od\"><img loading=\"lazy\" decoding=\"async\" class=\"xz74otr x15mokao x1ga7v0g x16uus16 xbiv7yw\" src=\"https:\/\/static.xx.fbcdn.net\/images\/emoji.php\/v9\/tbe\/1\/16\/1f3c6.png\" alt=\"&#x1f3c6;\" width=\"16\" height=\"16\"><\/span> Und das F\u00fcchschen durchgehend motiviert und voraus. <span class=\"html-span xexx8yu xyri2b x18d9i69 x1c1uobl x1hl2dhg x16tdsg8 x1vvkbs x3nfvp2 x1j61x8r x1fcty0u xdj266r xat24cr xm2jcoa x1mpyi22 xxymvpz xlup9mm x1kky2od\"><img loading=\"lazy\" decoding=\"async\" class=\"xz74otr x15mokao x1ga7v0g x16uus16 xbiv7yw\" src=\"https:\/\/static.xx.fbcdn.net\/images\/emoji.php\/v9\/t58\/1\/16\/1f929.png\" alt=\"&#x1f929;\" width=\"16\" height=\"16\"><\/span><span class=\"html-span xexx8yu xyri2b x18d9i69 x1c1uobl x1hl2dhg x16tdsg8 x1vvkbs x3nfvp2 x1j61x8r x1fcty0u xdj266r xat24cr xm2jcoa x1mpyi22 xxymvpz xlup9mm x1kky2od\"><img loading=\"lazy\" decoding=\"async\" class=\"xz74otr x15mokao x1ga7v0g x16uus16 xbiv7yw\" src=\"https:\/\/static.xx.fbcdn.net\/images\/emoji.php\/v9\/t3a\/1\/16\/1f98a.png\" alt=\"&#x1f98a;\" width=\"16\" height=\"16\"><\/span>6 Stunden und 57 Minuten f\u00fcr 41 km.&#8220;<\/em><\/div>\n<\/div>\n<p><img loading=\"lazy\" decoding=\"async\" class=\"alignnone wp-image-11191\" src=\"https:\/\/www.nssv.at\/vrsoe\/wp-content\/uploads\/2026\/03\/644342533_1213351270967055_8213806278925110183_n-1024x461.jpg\" alt=\"\" width=\"700\" height=\"315\" srcset=\"https:\/\/www.nssv.at\/vrsoe\/wp-content\/uploads\/2026\/03\/644342533_1213351270967055_8213806278925110183_n-1024x461.jpg 1024w, https:\/\/www.nssv.at\/vrsoe\/wp-content\/uploads\/2026\/03\/644342533_1213351270967055_8213806278925110183_n-300x135.jpg 300w, https:\/\/www.nssv.at\/vrsoe\/wp-content\/uploads\/2026\/03\/644342533_1213351270967055_8213806278925110183_n-768x346.jpg 768w, https:\/\/www.nssv.at\/vrsoe\/wp-content\/uploads\/2026\/03\/644342533_1213351270967055_8213806278925110183_n-1536x691.jpg 1536w, https:\/\/www.nssv.at\/vrsoe\/wp-content\/uploads\/2026\/03\/644342533_1213351270967055_8213806278925110183_n-scaled.jpg 1280w\" sizes=\"auto, (max-width: 700px) 100vw, 700px\" \/> <img loading=\"lazy\" decoding=\"async\" class=\"alignnone wp-image-11192\" src=\"https:\/\/www.nssv.at\/vrsoe\/wp-content\/uploads\/2026\/03\/647426308_10233213906156311_3244180049805723630_n-1024x1024.jpg\" alt=\"\" width=\"700\" height=\"700\" srcset=\"https:\/\/www.nssv.at\/vrsoe\/wp-content\/uploads\/2026\/03\/647426308_10233213906156311_3244180049805723630_n-1024x1024.jpg 1024w, https:\/\/www.nssv.at\/vrsoe\/wp-content\/uploads\/2026\/03\/647426308_10233213906156311_3244180049805723630_n-300x300.jpg 300w, https:\/\/www.nssv.at\/vrsoe\/wp-content\/uploads\/2026\/03\/647426308_10233213906156311_3244180049805723630_n-150x150.jpg 150w, https:\/\/www.nssv.at\/vrsoe\/wp-content\/uploads\/2026\/03\/647426308_10233213906156311_3244180049805723630_n-768x768.jpg 768w, https:\/\/www.nssv.at\/vrsoe\/wp-content\/uploads\/2026\/03\/647426308_10233213906156311_3244180049805723630_n.jpg 1080w\" sizes=\"auto, (max-width: 700px) 100vw, 700px\" \/> <img loading=\"lazy\" decoding=\"async\" class=\"alignnone wp-image-11193\" src=\"https:\/\/www.nssv.at\/vrsoe\/wp-content\/uploads\/2026\/03\/648897354_10233213838874629_3041499298454633363_n-768x1024.jpg\" alt=\"\" width=\"700\" height=\"933\" srcset=\"https:\/\/www.nssv.at\/vrsoe\/wp-content\/uploads\/2026\/03\/648897354_10233213838874629_3041499298454633363_n-768x1024.jpg 768w, https:\/\/www.nssv.at\/vrsoe\/wp-content\/uploads\/2026\/03\/648897354_10233213838874629_3041499298454633363_n-225x300.jpg 225w, https:\/\/www.nssv.at\/vrsoe\/wp-content\/uploads\/2026\/03\/648897354_10233213838874629_3041499298454633363_n-1152x1536.jpg 1152w, https:\/\/www.nssv.at\/vrsoe\/wp-content\/uploads\/2026\/03\/648897354_10233213838874629_3041499298454633363_n-scaled.jpg 960w\" sizes=\"auto, (max-width: 700px) 100vw, 700px\" \/><\/p>\n<p><strong>Wir gratulieren zu dieser Leistung recht herzlich!<\/strong><\/p>\n<h6>(Text &amp; Fotos: Claudia Schnabl)<\/h6>\n<p>&nbsp;<\/p>\n<p><strong><img loading=\"lazy\" decoding=\"async\" class=\"alignnone wp-image-9642\" src=\"https:\/\/www.nssv.at\/vrsoe\/wp-content\/uploads\/2020\/03\/news-gelb-blau.png\" alt=\"\" width=\"93\" height=\"75\"> 13.02.2026<br \/>\n*** eRPaki &#8211; Kein Versand mehr nach \u00d6sterreich! ***<\/strong><\/p>\n<p>Wir empfehlen ja immer unseren Interessenten die Firma eRPaki f\u00fcr das Zubeh\u00f6r in unserem Nischensport, und heute haben wir die R\u00fcckmeldung erhalten, dass diese Firma nicht mehr nach \u00d6sterreich liefert!! Das ist nat\u00fcrlich schade, und wir haben auch eine entsprechende Info gefunden:<\/p>\n<p><img loading=\"lazy\" decoding=\"async\" class=\"alignnone size-full wp-image-11185\" src=\"https:\/\/www.nssv.at\/vrsoe\/wp-content\/uploads\/2026\/02\/snap40276.jpg\" alt=\"\" width=\"873\" height=\"311\" srcset=\"https:\/\/www.nssv.at\/vrsoe\/wp-content\/uploads\/2026\/02\/snap40276.jpg 873w, https:\/\/www.nssv.at\/vrsoe\/wp-content\/uploads\/2026\/02\/snap40276-300x107.jpg 300w, https:\/\/www.nssv.at\/vrsoe\/wp-content\/uploads\/2026\/02\/snap40276-768x274.jpg 768w\" sizes=\"auto, (max-width: 873px) 100vw, 873px\" \/>Das ist wieder einmal der &#8222;Erfolg&#8220; unserer Politiker im Lande! Einfach nur zum k*tzen!&nbsp;<\/p>\n<p>&nbsp;<\/p>\n<p><strong><img loading=\"lazy\" decoding=\"async\" class=\"alignnone wp-image-9642\" src=\"https:\/\/www.nssv.at\/vrsoe\/wp-content\/uploads\/2020\/03\/news-gelb-blau.png\" alt=\"\" width=\"93\" height=\"75\"> 12.02.2026<br \/>\n*** \u00dcbersicht \u00fcber die Immunit\u00e4tsdauer der TOLLWUTKOMPONENTE der Veterin\u00e4rimpfstoffe ***<\/strong><\/p>\n<p>Hier wieder die aktuelle Liste der \u00dcbersicht \u00fcber die Immunit\u00e4tsdauer der Tollwutkomponente der Veterin\u00e4rimpfstoffe, um ein \u00dcberimpfen der Hunde zu vermeiden. Es ist bei den meisten Impfstoffen eine Wirkungsdauer von bis zu 3 Jahren vorhanden. Diese muss aber auch im Impfpass so vermerkt werden. Achtet daher immer darauf wenn Ihr mit Euren Hunden impfen seid, dass die korrekte Immunit\u00e4tsdauer auch so eingetragen wird, sonst gilt nur 1 Jahr!<\/p>\n<p><img loading=\"lazy\" decoding=\"async\" class=\"alignnone size-large wp-image-11182\" src=\"https:\/\/www.nssv.at\/vrsoe\/wp-content\/uploads\/2026\/02\/immunitaetsdauer-tollwutimpfstoffe-veterinaer_Seite_1-724x1024.jpg\" alt=\"\" width=\"724\" height=\"1024\" srcset=\"https:\/\/www.nssv.at\/vrsoe\/wp-content\/uploads\/2026\/02\/immunitaetsdauer-tollwutimpfstoffe-veterinaer_Seite_1-724x1024.jpg 724w, https:\/\/www.nssv.at\/vrsoe\/wp-content\/uploads\/2026\/02\/immunitaetsdauer-tollwutimpfstoffe-veterinaer_Seite_1-212x300.jpg 212w, https:\/\/www.nssv.at\/vrsoe\/wp-content\/uploads\/2026\/02\/immunitaetsdauer-tollwutimpfstoffe-veterinaer_Seite_1-768x1086.jpg 768w, https:\/\/www.nssv.at\/vrsoe\/wp-content\/uploads\/2026\/02\/immunitaetsdauer-tollwutimpfstoffe-veterinaer_Seite_1-1086x1536.jpg 1086w, https:\/\/www.nssv.at\/vrsoe\/wp-content\/uploads\/2026\/02\/immunitaetsdauer-tollwutimpfstoffe-veterinaer_Seite_1-1448x2048.jpg 1448w, https:\/\/www.nssv.at\/vrsoe\/wp-content\/uploads\/2026\/02\/immunitaetsdauer-tollwutimpfstoffe-veterinaer_Seite_1-scaled.jpg 905w\" sizes=\"auto, (max-width: 724px) 100vw, 724px\" \/> <img loading=\"lazy\" decoding=\"async\" class=\"alignnone wp-image-11183 size-large\" src=\"https:\/\/www.nssv.at\/vrsoe\/wp-content\/uploads\/2026\/02\/immunitaetsdauer-tollwutimpfstoffe-veterinaer_Seite_2-724x1024.jpg\" alt=\"\" width=\"724\" height=\"1024\" srcset=\"https:\/\/www.nssv.at\/vrsoe\/wp-content\/uploads\/2026\/02\/immunitaetsdauer-tollwutimpfstoffe-veterinaer_Seite_2-724x1024.jpg 724w, https:\/\/www.nssv.at\/vrsoe\/wp-content\/uploads\/2026\/02\/immunitaetsdauer-tollwutimpfstoffe-veterinaer_Seite_2-212x300.jpg 212w, https:\/\/www.nssv.at\/vrsoe\/wp-content\/uploads\/2026\/02\/immunitaetsdauer-tollwutimpfstoffe-veterinaer_Seite_2-768x1086.jpg 768w, https:\/\/www.nssv.at\/vrsoe\/wp-content\/uploads\/2026\/02\/immunitaetsdauer-tollwutimpfstoffe-veterinaer_Seite_2-1086x1536.jpg 1086w, https:\/\/www.nssv.at\/vrsoe\/wp-content\/uploads\/2026\/02\/immunitaetsdauer-tollwutimpfstoffe-veterinaer_Seite_2-1448x2048.jpg 1448w, https:\/\/www.nssv.at\/vrsoe\/wp-content\/uploads\/2026\/02\/immunitaetsdauer-tollwutimpfstoffe-veterinaer_Seite_2-scaled.jpg 905w\" sizes=\"auto, (max-width: 724px) 100vw, 724px\" \/><\/p>\n<p>&nbsp;<\/p>\n<p><strong><img loading=\"lazy\" decoding=\"async\" class=\"alignnone wp-image-9642\" src=\"https:\/\/www.nssv.at\/vrsoe\/wp-content\/uploads\/2020\/03\/news-gelb-blau.png\" alt=\"\" width=\"93\" height=\"75\"> 06.01.2026<br \/>\n*** VRS\u00d6 wieder auf Facebook ***<\/strong><\/p>\n<p>Nach l\u00e4ngerer Zeit offline bei Facebook, wurde unsere Gruppe heute wieder online geschaltet. Sie ist jedoch AUSSCHLIESSLICH nur f\u00fcr reale Mitglieder des Verbandes freigeschaltet! Wir geben keine &#8222;Gast&#8220;-Accounts frei und sind auch nicht scharf auf die in der Szene \u00fcbliche Mitgliedersammlerei. Die Gruppe ist nur als internes Informationsmedium, f\u00fcr jene die nicht ohne Facebook k\u00f6nnen, gedacht.<\/p>\n<p>&nbsp;<\/p>\n<p><strong><img loading=\"lazy\" decoding=\"async\" class=\"alignnone wp-image-9642\" src=\"https:\/\/www.nssv.at\/vrsoe\/wp-content\/uploads\/2020\/03\/news-gelb-blau.png\" alt=\"\" width=\"93\" height=\"75\"> 06.01.2026<br \/>\n*** Carrageen im Hunde(nass)futter! ***<\/strong><\/p>\n<p>Die Wege der Futtermittelindustrie sind oft unglaublich, wenn es um die Gewinnmaximierung geht. Wie wir erst vor kurzem erfahren haben, wird nun auch schon das Verdickungsmittel Carrageen (E407) im Hundenassfutter verwendet. Was jedoch verschwiegen wird: Es ist ein entz\u00fcndungsf\u00f6rdernder Zusatzstoff und kann massive Unvertr\u00e4glichkeiten ausl\u00f6sen!<\/p>\n<p>&nbsp;<\/p>\n<p><img loading=\"lazy\" decoding=\"async\" class=\"alignnone size-full wp-image-11137 aligncenter\" src=\"https:\/\/www.nssv.at\/vrsoe\/wp-content\/uploads\/2026\/01\/00739_big.jpg\" alt=\"\" width=\"400\" height=\"392\" srcset=\"https:\/\/www.nssv.at\/vrsoe\/wp-content\/uploads\/2026\/01\/00739_big.jpg 400w, https:\/\/www.nssv.at\/vrsoe\/wp-content\/uploads\/2026\/01\/00739_big-300x294.jpg 300w\" sizes=\"auto, (max-width: 400px) 100vw, 400px\" \/><\/p>\n<p>&nbsp;<\/p>\n<p><strong><em>Was ist Carrageen?<\/em><\/strong><\/p>\n<p>\u2192 Verdickungsmittel aus Rotalgen<br \/>\n\u2192 Macht Futter &#8222;gelatineartig&#8220;<br \/>\n\u2192 Billig in der Herstellung<br \/>\n\u2192 Muss nicht&nbsp; auf der Zutatenliste stehen (nicht deklarierungspflichtig)<\/p>\n<p><strong><em>Was Studien zeigen:<\/em><\/strong><\/p>\n<p>Studie 1 (University of Chicago, 2001):<br \/>\n\u2192 Carrageen l\u00f6st chronische Darmentz\u00fcndung aus<br \/>\n\u2192 \u00c4hnlich wie IBD (Inflammatory Bowel Disease)<\/p>\n<p>Studie 2 (National Institutes of Health, 2018):<br \/>\n\u2192 Erh\u00f6ht Durchl\u00e4ssigkeit der Darmwand (Leaky Gut)<br \/>\n\u2192 Allergene gelangen leichter ins Blut<\/p>\n<p>Studie 3 (EU Food Safety Authority, 2023):<br \/>\n\u2192 Kann Immunsystem fehlleiten<br \/>\n\u2192 Autoimmun-Reaktionen m\u00f6glich<\/p>\n<p><em><strong>Die leicht erkennbaren Symptome einer m\u00f6glichen Carrageen-Unvertr\u00e4glichkeit:<\/strong><\/em><\/p>\n<p>\u2192 St\u00e4ndiges Kratzen &amp; Lecken<br \/>\n\u2192 Rote, entz\u00fcndete Haut<br \/>\n\u2192 Durchfall oder weicher Kot<br \/>\n\u2192 Bl\u00e4hungen &amp; Bauchgrummeln<br \/>\n\u2192 Allergische Reaktionen<br \/>\n\u2192 Haarausfall an Pfoten, Bauch, Ohren<\/p>\n<p>&nbsp;<\/p>\n<p><strong><em>Was sagt Google zu Carrageen?<\/em><\/strong><\/p>\n<div data-subtree=\"aimfl\">Carrageen (E 407) ist ein nat\u00fcrlicher Verdickungs-, Gelier und Stabilisatorstoff, der aus Rotalgen gewonnen wird und in vielen Lebensmitteln wie Milchprodukten, Desserts, Eis und Pflanzenmilch (z.B. Hafer-, Sojamilch) verwendet wird, um Textur und Stabilit\u00e4t zu verbessern, auch in Bio-Produkten. Obwohl von der EFSA als sicher eingestuft und f\u00fcr den Verzehr zugelassen, gibt es Diskussionen und Studien, die auf m\u00f6gliche gesundheitliche Probleme wie Darmbeschwerden bei empfindlichen Personen hinweisen, insbesondere bei kurzkettigen Abbauprodukten, weshalb einige Bio-Anbieter darauf verzichten.<span class=\"uJ19be notranslate\" data-wiz-uids=\"p1GtNd_a,p1GtNd_b\"><span class=\"vKEkVd\" data-animation-atomic=\"\" data-wiz-attrbind=\"class=p1GtNd_9\/TKHnVd\">&nbsp;<\/span><\/span><\/div>\n<div role=\"heading\" aria-level=\"3\" data-animation-nesting=\"\" data-sfc-cp=\"\">&nbsp;<\/div>\n<div class=\"otQkpb\" role=\"heading\" aria-level=\"3\" data-animation-nesting=\"\" data-sfc-cp=\"\"><strong><em>Was es ist<\/em><\/strong><\/div>\n<div role=\"heading\" aria-level=\"3\" data-animation-nesting=\"\" data-sfc-cp=\"\">\n<ul>\n<li data-hveid=\"CAEIABAI\"><span class=\"T286Pc\" data-sfc-cp=\"\"><strong class=\"Yjhzub\">Nat\u00fcrliches Polysaccharid:<\/strong> Eine Gruppe langkettiger Kohlenhydrate, gewonnen aus bestimmten roten Algenarten.<\/span><\/li>\n<li data-hveid=\"CAEIABAJ\"><span class=\"T286Pc\" data-sfc-cp=\"\"><strong class=\"Yjhzub\">Funktion:<\/strong><span id=\"isc5caaDUGtWL9u8PxqDvqQg_1\"> Wirkt als Hydrokolloid, das Wasser bindet und so als Gelbildner, Verdickungsmittel oder Stabilisator dient<\/span><span id=\"isc5caaDUGtWL9u8PxqDvqQg_2\">.<\/span><\/span><\/li>\n<\/ul>\n<ul>\n<li data-hveid=\"CAEIABAK\"><span class=\"T286Pc\" data-sfc-cp=\"\"><strong class=\"Yjhzub\">Kennzeichnung:<\/strong> Oft als E 407 in der Zutatenliste zu finden.<\/span><\/li>\n<\/ul>\n<ul>\n<li data-hveid=\"CAEIABAL\"><span class=\"T286Pc\" data-sfc-cp=\"\"><strong class=\"Yjhzub\">Typen:<\/strong> Es gibt verschiedene Arten (Kappa, Iota, Lambda), die unterschiedliche Eigenschaften haben.<\/span><\/li>\n<\/ul>\n<\/div>\n<ul class=\"KsbFXc U6u95\">\n<li style=\"list-style-type: none;\">&nbsp;<\/li>\n<\/ul>\n<div class=\"otQkpb\" role=\"heading\" aria-level=\"3\" data-animation-nesting=\"\" data-sfc-cp=\"\"><strong><em>Wo es vorkommt<\/em><\/strong><\/div>\n<ul class=\"KsbFXc U6u95\">\n<li data-hveid=\"CAEIABAQ\"><span class=\"T286Pc\" data-sfc-cp=\"\"><strong class=\"Yjhzub\">Lebensmittel:<\/strong> In Schokoladenmilch, Sahne, Eis, Desserts, angereicherter Pflanzenmilch und Fertigprodukten.<\/span><\/li>\n<li data-hveid=\"CAEIABAR\"><span class=\"T286Pc\" data-sfc-cp=\"\"><strong class=\"Yjhzub\">Bio-Produkte:<\/strong> Erlaubt nach EU-\u00d6ko-Verordnung, aber von einigen Bio-Verb\u00e4nden (Demeter, Bioland, Naturland) und Herstellern (Alnatura) nicht verwendet.<\/span><span class=\"uJ19be notranslate\" data-wiz-uids=\"p1GtNd_1m,p1GtNd_1n\"><span class=\"vKEkVd\" data-animation-atomic=\"\" data-wiz-attrbind=\"class=p1GtNd_1l\/TKHnVd\">&nbsp;<\/span><\/span><\/li>\n<\/ul>\n<div role=\"heading\" aria-level=\"3\" data-animation-nesting=\"\" data-sfc-cp=\"\">&nbsp;<\/div>\n<div class=\"otQkpb\" role=\"heading\" aria-level=\"3\" data-animation-nesting=\"\" data-sfc-cp=\"\"><strong><em>M\u00f6gliche Risiken und Kontroversen<\/em><\/strong><\/div>\n<ul class=\"KsbFXc U6u95\">\n<li data-hveid=\"CAEIABAW\"><span class=\"T286Pc\" data-sfc-cp=\"\"><strong class=\"Yjhzub\">Empfindliche Personen:<\/strong> Kann bei manchen Menschen Bauchschmerzen, Durchfall oder Schleimhautreizungen ausl\u00f6sen.<\/span><\/li>\n<li data-hveid=\"CAEIABAX\"><span class=\"T286Pc\" data-sfc-cp=\"\"><strong class=\"Yjhzub\">Tierversuche:<\/strong> Zeigten m\u00f6gliche negative Effekte auf das Immunsystem und die Darmgesundheit (bei Abbauprodukten).<\/span><\/li>\n<li data-hveid=\"CAEIABAY\"><span class=\"T286Pc\" data-sfc-cp=\"\"><strong class=\"Yjhzub\">Kurzkettige Formen:<\/strong> Abbauprodukte k\u00f6nnen Entz\u00fcndungen beg\u00fcnstigen; der Anteil muss gesetzlich begrenzt sein, aber die Messung ist schwierig.<\/span><\/li>\n<li data-hveid=\"CAEIABAZ\"><span class=\"T286Pc\" data-sfc-cp=\"\"><strong class=\"Yjhzub\">Absorption:<\/strong> K\u00f6nnte die Aufnahme anderer N\u00e4hrstoffe beeintr\u00e4chtigen.<\/span><span class=\"uJ19be notranslate\" data-wiz-uids=\"p1GtNd_2b,p1GtNd_2c\"><span class=\"vKEkVd\" data-animation-atomic=\"\" data-wiz-attrbind=\"class=p1GtNd_2a\/TKHnVd\">&nbsp;<\/span><\/span><\/li>\n<\/ul>\n<div role=\"heading\" aria-level=\"3\" data-animation-nesting=\"\" data-sfc-cp=\"\">&nbsp;<\/div>\n<div class=\"otQkpb\" role=\"heading\" aria-level=\"3\" data-animation-nesting=\"\" data-sfc-cp=\"\"><strong><em>Was Sie tun k\u00f6nnen<\/em><\/strong><\/div>\n<ul class=\"KsbFXc U6u95\">\n<li data-hveid=\"CAEIABAe\"><span class=\"T286Pc\" data-sfc-cp=\"\"><strong class=\"Yjhzub\">Zutatenliste pr\u00fcfen:<\/strong> Suchen Sie nach E 407 oder &#8222;Carrageen&#8220;.<\/span><\/li>\n<li data-hveid=\"CAEIABAf\"><span class=\"T286Pc\" data-sfc-cp=\"\"><strong class=\"Yjhzub\">Alternativen w\u00e4hlen:<\/strong> Greifen Sie zu Produkten von Bio-Anbietern, die Carrageen ausschlie\u00dfen, oder meiden Sie Produkte mit dem Zusatz.<\/span><\/li>\n<\/ul>\n<p>&nbsp;<\/p>\n<p>Entscheidet also aufgrund der Angaben selbst, ob Ihr Euren Hunden Futter mit Carrageen verf\u00fcttert. Bei vielen Menschen l\u00f6st der Zusatz \u00fcbrigens ebenfalls eine massive Untertr\u00e4glichkeit aus!<\/p>\n<p>&nbsp;<\/p>\n<p><strong><img loading=\"lazy\" decoding=\"async\" class=\"alignnone wp-image-9642\" src=\"https:\/\/www.nssv.at\/vrsoe\/wp-content\/uploads\/2020\/03\/news-gelb-blau.png\" alt=\"\" width=\"93\" height=\"75\"> 05.01.2026<br \/>\n*** Wir w\u00fcnschen Euch allen ein gutes Neues Jahr! ***<\/strong><\/p>\n<p>Allen unseren Mitgliedern und Freunden, sowie Seitenbesuchern, w\u00fcnschen wir ein gutes Neues Jahr und Gesundheit f\u00fcr Euch und Eure Hunde! Wir hoffen, Ihr habt Eure Fellkugeln gut durch die B\u00f6llerei gebracht und es ist wieder Ruhe eingekehrt.<\/p>\n<p>Gleich zu Jahresbeginn bitten wir Euch, die Mitgliedsbeitr\u00e4ge bis sp\u00e4testens Ende J\u00e4nner zu \u00fcberweisen. An jene die es schon gemacht haben: Vielen Dank! An die anderen: Bitte nicht vergessen! Unsere Fixkosten wollen ja auch bezahlt werden und das geht nur mit Eurer Hilfe.<\/p>\n<p>Die Pl\u00e4ne f\u00fcr 2026 stellen wir Euch in einem weiteren News-Post vor. Dieser folgt in n\u00e4chster Zeit. Bis dahin w\u00fcnschen wir Euch noch eine ruhige Zeit und weiterhin viel Spa\u00df mit Euren Hunden.<\/p>\n<p>&nbsp;<\/p>\n<p><img loading=\"lazy\" decoding=\"async\" class=\"alignnone wp-image-11128\" src=\"https:\/\/www.nssv.at\/vrsoe\/wp-content\/uploads\/2026\/01\/2026.png\" alt=\"\" width=\"700\" height=\"700\" srcset=\"https:\/\/www.nssv.at\/vrsoe\/wp-content\/uploads\/2026\/01\/2026.png 1024w, https:\/\/www.nssv.at\/vrsoe\/wp-content\/uploads\/2026\/01\/2026-300x300.png 300w, https:\/\/www.nssv.at\/vrsoe\/wp-content\/uploads\/2026\/01\/2026-150x150.png 150w, https:\/\/www.nssv.at\/vrsoe\/wp-content\/uploads\/2026\/01\/2026-768x768.png 768w\" sizes=\"auto, (max-width: 700px) 100vw, 700px\" \/><\/p>\n<p>Alle unsere News aus 2025 wurden ins Archiv verschoben. Den Link dazu findet Ihr wie immer oben. S\u00e4mtliche News aus den Jahren 2006-2015 sind im digitalen Verbandsarchiv (VRS\u00d6-Office) ebenfalls vorhanden werden aber nicht weiter online gestellt.<\/p>\n<div dir=\"auto\">&nbsp;<\/div>\n","protected":false},"excerpt":{"rendered":"<p>Nachrichten &amp; News Hier auf dieser Seite ver\u00f6ffentlichen wir f\u00fcr Euch neue Nachrichten und News aus vielen interessanten Bereichen des Verbandes oder betreffend der Hunde. Die Zeitabst\u00e4nde zwischen den Updates erfolgen nach Notwendigkeit oder Aktualit\u00e4t. Die Reihung erfolgt immer mit den neuesten Beitr\u00e4gen an oberster Stelle. Auch Updateinformationen unserer Blogs werden hier auf dieser Seite [&hellip;]<\/p>\n","protected":false},"author":1,"featured_media":10041,"parent":0,"menu_order":0,"comment_status":"closed","ping_status":"closed","template":"","meta":{"_bbp_topic_count":0,"_bbp_reply_count":0,"_bbp_total_topic_count":0,"_bbp_total_reply_count":0,"_bbp_voice_count":0,"_bbp_anonymous_reply_count":0,"_bbp_topic_count_hidden":0,"_bbp_reply_count_hidden":0,"_bbp_forum_subforum_count":0,"ngg_post_thumbnail":0,"footnotes":""},"class_list":["post-30","page","type-page","status-publish","has-post-thumbnail","hentry"],"amp_enabled":false,"_links":{"self":[{"href":"https:\/\/www.nssv.at\/vrsoe\/wp-json\/wp\/v2\/pages\/30","targetHints":{"allow":["GET"]}}],"collection":[{"href":"https:\/\/www.nssv.at\/vrsoe\/wp-json\/wp\/v2\/pages"}],"about":[{"href":"https:\/\/www.nssv.at\/vrsoe\/wp-json\/wp\/v2\/types\/page"}],"author":[{"embeddable":true,"href":"https:\/\/www.nssv.at\/vrsoe\/wp-json\/wp\/v2\/users\/1"}],"replies":[{"embeddable":true,"href":"https:\/\/www.nssv.at\/vrsoe\/wp-json\/wp\/v2\/comments?post=30"}],"version-history":[{"count":172,"href":"https:\/\/www.nssv.at\/vrsoe\/wp-json\/wp\/v2\/pages\/30\/revisions"}],"predecessor-version":[{"id":11232,"href":"https:\/\/www.nssv.at\/vrsoe\/wp-json\/wp\/v2\/pages\/30\/revisions\/11232"}],"wp:featuredmedia":[{"embeddable":true,"href":"https:\/\/www.nssv.at\/vrsoe\/wp-json\/wp\/v2\/media\/10041"}],"wp:attachment":[{"href":"https:\/\/www.nssv.at\/vrsoe\/wp-json\/wp\/v2\/media?parent=30"}],"curies":[{"name":"wp","href":"https:\/\/api.w.org\/{rel}","templated":true}]}}